{"id":250,"date":"2022-12-05T11:03:16","date_gmt":"2022-12-05T11:03:16","guid":{"rendered":"https:\/\/quintadopacowinery.pt\/?page_id=250"},"modified":"2023-02-27T22:51:00","modified_gmt":"2023-02-27T22:51:00","slug":"region","status":"publish","type":"page","link":"https:\/\/quintadopacowinery.pt\/pt\/about-quinta-do-paco-winery\/region\/","title":{"rendered":"Regi\u00e3o"},"content":{"rendered":"<div data-elementor-type=\"wp-page\" data-elementor-id=\"250\" class=\"elementor elementor-250\" data-elementor-post-type=\"page\">\n\t\t\t\t\t\t<section class=\"elementor-section elementor-top-section elementor-element elementor-element-2699655 elementor-section-height-min-height elementor-section-stretched elementor-section-full_width elementor-section-items-bottom elementor-section-height-default\" data-id=\"2699655\" data-element_type=\"section\" data-e-type=\"section\" data-settings=\"{&quot;stretch_section&quot;:&quot;section-stretched&quot;,&quot;background_background&quot;:&quot;classic&quot;}\">\n\t\t\t\t\t\t<div class=\"elementor-container elementor-column-gap-default\">\n\t\t\t\t\t<div class=\"elementor-column elementor-col-100 elementor-top-column elementor-element elementor-element-7299d44\" data-id=\"7299d44\" data-element_type=\"column\" data-e-type=\"column\">\n\t\t\t<div class=\"elementor-widget-wrap elementor-element-populated\">\n\t\t\t\t\t\t<div class=\"elementor-element elementor-element-472f382 elementor-invisible elementor-widget elementor-widget-heading\" data-id=\"472f382\" data-element_type=\"widget\" data-e-type=\"widget\" data-settings=\"{&quot;_animation&quot;:&quot;fadeIn&quot;,&quot;_animation_delay&quot;:&quot;400&quot;}\" data-widget_type=\"heading.default\">\n\t\t\t\t<div class=\"elementor-widget-container\">\n\t\t\t\t\t<h1 class=\"elementor-heading-title elementor-size-default\">regi\u00e3o dos Vinhos Verdes<\/h1>\t\t\t\t<\/div>\n\t\t\t\t<\/div>\n\t\t\t\t\t<\/div>\n\t\t<\/div>\n\t\t\t\t\t<\/div>\n\t\t<\/section>\n\t\t\t\t<section class=\"elementor-section elementor-top-section elementor-element elementor-element-31578da0 elementor-section-boxed elementor-section-height-default elementor-section-height-default\" data-id=\"31578da0\" data-element_type=\"section\" data-e-type=\"section\" id=\"learn_more\">\n\t\t\t\t\t\t<div class=\"elementor-container elementor-column-gap-default\">\n\t\t\t\t\t<div class=\"elementor-column elementor-col-50 elementor-top-column elementor-element elementor-element-27585c58\" data-id=\"27585c58\" data-element_type=\"column\" data-e-type=\"column\">\n\t\t\t<div class=\"elementor-widget-wrap elementor-element-populated\">\n\t\t\t\t\t\t<div class=\"elementor-element elementor-element-67a9d5ca elementor-widget elementor-widget-heading\" data-id=\"67a9d5ca\" data-element_type=\"widget\" data-e-type=\"widget\" data-widget_type=\"heading.default\">\n\t\t\t\t<div class=\"elementor-widget-container\">\n\t\t\t\t\t<h3 class=\"elementor-heading-title elementor-size-default\">regi\u00e3o dos vinhos verdes<\/h3>\t\t\t\t<\/div>\n\t\t\t\t<\/div>\n\t\t\t\t<div class=\"elementor-element elementor-element-1353dd1 elementor-invisible elementor-widget elementor-widget-heading\" data-id=\"1353dd1\" data-element_type=\"widget\" data-e-type=\"widget\" data-settings=\"{&quot;_animation&quot;:&quot;fadeIn&quot;,&quot;_animation_delay&quot;:&quot;400&quot;}\" data-widget_type=\"heading.default\">\n\t\t\t\t<div class=\"elementor-widget-container\">\n\t\t\t\t\t<h1 class=\"elementor-heading-title elementor-size-default\">Regi\u00e3o<\/h1>\t\t\t\t<\/div>\n\t\t\t\t<\/div>\n\t\t\t\t<div class=\"elementor-element elementor-element-48ecba5 elementor-widget elementor-widget-text-editor\" data-id=\"48ecba5\" data-element_type=\"widget\" data-e-type=\"widget\" data-widget_type=\"text-editor.default\">\n\t\t\t\t<div class=\"elementor-widget-container\">\n\t\t\t\t\t\t\t\t\t<p>Originalmente demarcada em 18 de Setembro de 1908, a Regi\u00e3o Demarcada dos Vinhos Verdes estende-se por todo o noroeste de Portugal, na zona tradicionalmente conhecida como Entre-Douro-e-Minho.<\/p><p>Os seus limites s\u00e3o a Norte o Rio Minho, que estabelece parte da fronteira com Espanha, a Sul o Rio Douro e as serras da Freita, Arada e Montemuro, a Este as serras da Peneda, Ger\u00eas, Cabreira e Mar\u00e3o e a Oeste o Oceano Atl\u00e2ntico.<\/p><p>Em termos de \u00e1rea geogr\u00e1fica, \u00e9 a maior Regi\u00e3o Demarcada portuguesa e uma das maiores da Europa. (Fonte: vinhoverde.pt)<\/p>\t\t\t\t\t\t\t\t<\/div>\n\t\t\t\t<\/div>\n\t\t\t\t\t<\/div>\n\t\t<\/div>\n\t\t\t\t<div class=\"elementor-column elementor-col-50 elementor-top-column elementor-element elementor-element-d48986f\" data-id=\"d48986f\" data-element_type=\"column\" data-e-type=\"column\">\n\t\t\t<div class=\"elementor-widget-wrap elementor-element-populated\">\n\t\t\t\t\t\t<div class=\"elementor-element elementor-element-240fc4d5 elementor-widget elementor-widget-image\" data-id=\"240fc4d5\" data-element_type=\"widget\" data-e-type=\"widget\" data-widget_type=\"image.default\">\n\t\t\t\t<div class=\"elementor-widget-container\">\n\t\t\t\t\t\t\t\t\t\t\t\t\t\t\t<img fetchpriority=\"high\" decoding=\"async\" width=\"791\" height=\"1024\" src=\"https:\/\/quintadopacowinery.pt\/wp-content\/uploads\/2023\/01\/Mapa-791x1024.png\" class=\"attachment-large size-large wp-image-940\" alt=\"\" srcset=\"https:\/\/quintadopacowinery.pt\/wp-content\/uploads\/2023\/01\/Mapa-791x1024.png 791w, https:\/\/quintadopacowinery.pt\/wp-content\/uploads\/2023\/01\/Mapa-232x300.png 232w, https:\/\/quintadopacowinery.pt\/wp-content\/uploads\/2023\/01\/Mapa-768x994.png 768w, https:\/\/quintadopacowinery.pt\/wp-content\/uploads\/2023\/01\/Mapa-1186x1536.png 1186w, https:\/\/quintadopacowinery.pt\/wp-content\/uploads\/2023\/01\/Mapa-1582x2048.png 1582w, https:\/\/quintadopacowinery.pt\/wp-content\/uploads\/2023\/01\/Mapa-9x12.png 9w, https:\/\/quintadopacowinery.pt\/wp-content\/uploads\/2023\/01\/Mapa-600x777.png 600w\" sizes=\"(max-width: 791px) 100vw, 791px\" \/>\t\t\t\t\t\t\t\t\t\t\t\t\t\t\t<\/div>\n\t\t\t\t<\/div>\n\t\t\t\t\t<\/div>\n\t\t<\/div>\n\t\t\t\t\t<\/div>\n\t\t<\/section>\n\t\t\t\t<section class=\"elementor-section elementor-top-section elementor-element elementor-element-7a41cd6 elementor-section-height-min-height elementor-section-boxed elementor-section-height-default elementor-section-items-middle\" data-id=\"7a41cd6\" data-element_type=\"section\" data-e-type=\"section\">\n\t\t\t\t\t\t<div class=\"elementor-container elementor-column-gap-no\">\n\t\t\t\t\t<div class=\"elementor-column elementor-col-100 elementor-top-column elementor-element elementor-element-95e8e0e\" data-id=\"95e8e0e\" data-element_type=\"column\" data-e-type=\"column\">\n\t\t\t<div class=\"elementor-widget-wrap elementor-element-populated\">\n\t\t\t\t\t\t<div class=\"elementor-element elementor-element-e2fd541 elementor-widget elementor-widget-image\" data-id=\"e2fd541\" data-element_type=\"widget\" data-e-type=\"widget\" data-widget_type=\"image.default\">\n\t\t\t\t<div class=\"elementor-widget-container\">\n\t\t\t\t\t\t\t\t\t\t\t\t\t\t\t<img decoding=\"async\" width=\"800\" height=\"534\" src=\"https:\/\/quintadopacowinery.pt\/wp-content\/uploads\/2023\/01\/173A4366-1024x683.jpg\" class=\"attachment-large size-large wp-image-1077\" alt=\"\" srcset=\"https:\/\/quintadopacowinery.pt\/wp-content\/uploads\/2023\/01\/173A4366-1024x683.jpg 1024w, https:\/\/quintadopacowinery.pt\/wp-content\/uploads\/2023\/01\/173A4366-300x200.jpg 300w, https:\/\/quintadopacowinery.pt\/wp-content\/uploads\/2023\/01\/173A4366-768x512.jpg 768w, https:\/\/quintadopacowinery.pt\/wp-content\/uploads\/2023\/01\/173A4366-1536x1024.jpg 1536w, https:\/\/quintadopacowinery.pt\/wp-content\/uploads\/2023\/01\/173A4366-2048x1365.jpg 2048w, https:\/\/quintadopacowinery.pt\/wp-content\/uploads\/2023\/01\/173A4366-18x12.jpg 18w, https:\/\/quintadopacowinery.pt\/wp-content\/uploads\/2023\/01\/173A4366-600x400.jpg 600w\" sizes=\"(max-width: 800px) 100vw, 800px\" \/>\t\t\t\t\t\t\t\t\t\t\t\t\t\t\t<\/div>\n\t\t\t\t<\/div>\n\t\t\t\t<section class=\"elementor-section elementor-inner-section elementor-element elementor-element-7ffbe81 elementor-section-height-min-height elementor-section-boxed elementor-section-height-default elementor-invisible\" data-id=\"7ffbe81\" data-element_type=\"section\" data-e-type=\"section\" data-settings=\"{&quot;animation&quot;:&quot;fadeIn&quot;}\">\n\t\t\t\t\t\t<div class=\"elementor-container elementor-column-gap-default\">\n\t\t\t\t\t<div class=\"elementor-column elementor-col-100 elementor-inner-column elementor-element elementor-element-318bc35\" data-id=\"318bc35\" data-element_type=\"column\" data-e-type=\"column\" data-settings=\"{&quot;background_background&quot;:&quot;classic&quot;}\">\n\t\t\t<div class=\"elementor-widget-wrap elementor-element-populated\">\n\t\t\t\t\t\t<div class=\"elementor-element elementor-element-9f243da elementor-invisible elementor-widget elementor-widget-heading\" data-id=\"9f243da\" data-element_type=\"widget\" data-e-type=\"widget\" data-settings=\"{&quot;_animation&quot;:&quot;fadeIn&quot;}\" data-widget_type=\"heading.default\">\n\t\t\t\t<div class=\"elementor-widget-container\">\n\t\t\t\t\t<h2 class=\"elementor-heading-title elementor-size-default\">Sub-Regi\u00e3o de Amarante<\/h2>\t\t\t\t<\/div>\n\t\t\t\t<\/div>\n\t\t\t\t<div class=\"elementor-element elementor-element-2923a65 elementor-widget elementor-widget-heading\" data-id=\"2923a65\" data-element_type=\"widget\" data-e-type=\"widget\" data-widget_type=\"heading.default\">\n\t\t\t\t<div class=\"elementor-widget-container\">\n\t\t\t\t\t<h3 class=\"elementor-heading-title elementor-size-default\">a do\u00e7ura da terra<\/h3>\t\t\t\t<\/div>\n\t\t\t\t<\/div>\n\t\t\t\t<div class=\"elementor-element elementor-element-79e2434 elementor-widget elementor-widget-text-editor\" data-id=\"79e2434\" data-element_type=\"widget\" data-e-type=\"widget\" data-widget_type=\"text-editor.default\">\n\t\t\t\t<div class=\"elementor-widget-container\">\n\t\t\t\t\t\t\t\t\t<p>Situada no interior da regi\u00e3o, a sub-regi\u00e3o de Amarante tem um solo maioritariamente gran\u00edtico, est\u00e1 protegida da influ\u00eancia atl\u00e2ntica e a uma altitude m\u00e9dia elevada, pelo que as amplitudes t\u00e9rmicas s\u00e3o superiores \u00e0 m\u00e9dia da regi\u00e3o e o Ver\u00e3o \u00e9 mais quente. Estas condi\u00e7\u00f5es favorecem o desenvolvimento de algumas castas de matura\u00e7\u00e3o mais tardia: Azal e Avesso (brancas), Amaral e Espadeiro (tintas).  Os vinhos brancos apresentam normalmente aromas frutados e um teor alco\u00f3lico mais elevado do que a m\u00e9dia da Regi\u00e3o.<\/p>\t\t\t\t\t\t\t\t<\/div>\n\t\t\t\t<\/div>\n\t\t\t\t\t<\/div>\n\t\t<\/div>\n\t\t\t\t\t<\/div>\n\t\t<\/section>\n\t\t\t\t\t<\/div>\n\t\t<\/div>\n\t\t\t\t\t<\/div>\n\t\t<\/section>\n\t\t\t\t<section class=\"elementor-section elementor-top-section elementor-element elementor-element-dba27d1 elementor-section-height-min-height elementor-section-stretched elementor-section-full_width elementor-section-items-bottom elementor-section-height-default\" data-id=\"dba27d1\" data-element_type=\"section\" data-e-type=\"section\" data-settings=\"{&quot;stretch_section&quot;:&quot;section-stretched&quot;,&quot;background_background&quot;:&quot;classic&quot;}\">\n\t\t\t\t\t\t<div class=\"elementor-container elementor-column-gap-default\">\n\t\t\t\t\t<div class=\"elementor-column elementor-col-100 elementor-top-column elementor-element elementor-element-5c0ade9\" data-id=\"5c0ade9\" data-element_type=\"column\" data-e-type=\"column\">\n\t\t\t<div class=\"elementor-widget-wrap elementor-element-populated\">\n\t\t\t\t\t\t<div class=\"elementor-element elementor-element-2d997d5 elementor-invisible elementor-widget elementor-widget-heading\" data-id=\"2d997d5\" data-element_type=\"widget\" data-e-type=\"widget\" data-settings=\"{&quot;_animation&quot;:&quot;fadeIn&quot;,&quot;_animation_delay&quot;:&quot;400&quot;}\" data-widget_type=\"heading.default\">\n\t\t\t\t<div class=\"elementor-widget-container\">\n\t\t\t\t\t<h1 class=\"elementor-heading-title elementor-size-default\">Abra uma garrafa<\/h1>\t\t\t\t<\/div>\n\t\t\t\t<\/div>\n\t\t\t\t<div class=\"elementor-element elementor-element-491f687 elementor-invisible elementor-widget elementor-widget-button\" data-id=\"491f687\" data-element_type=\"widget\" data-e-type=\"widget\" data-settings=\"{&quot;_animation&quot;:&quot;fadeIn&quot;,&quot;_animation_delay&quot;:&quot;600&quot;}\" data-widget_type=\"button.default\">\n\t\t\t\t<div class=\"elementor-widget-container\">\n\t\t\t\t\t\t\t\t\t<div class=\"elementor-button-wrapper\">\n\t\t\t\t\t<a class=\"elementor-button elementor-button-link elementor-size-sm elementor-animation-grow\" href=\"https:\/\/quintadopacowinery.pt\/pt\/wines\/\">\n\t\t\t\t\t\t<span class=\"elementor-button-content-wrapper\">\n\t\t\t\t\t\t<span class=\"elementor-button-icon\">\n\t\t\t\t<i aria-hidden=\"true\" class=\"fas fa-arrow-right\"><\/i>\t\t\t<\/span>\n\t\t\t\t\t\t\t\t\t<span class=\"elementor-button-text\">Loja online<\/span>\n\t\t\t\t\t<\/span>\n\t\t\t\t\t<\/a>\n\t\t\t\t<\/div>\n\t\t\t\t\t\t\t\t<\/div>\n\t\t\t\t<\/div>\n\t\t\t\t\t<\/div>\n\t\t<\/div>\n\t\t\t\t\t<\/div>\n\t\t<\/section>\n\t\t\t\t<\/div>","protected":false},"excerpt":{"rendered":"<p>Vinhos Verdes region Vinhos verdes region Region Originally demarcated on September 18th 1908, the Demarcated Region of Vinhos Verdes extends throughout the northwest of Portugal, in the area traditionally known as Entre-Douro-e-Minho. Its limits are to the North the Minho River, which establishes part of the border with Spain, to the South the Douro River [&hellip;]<\/p>\n","protected":false},"author":1,"featured_media":0,"parent":64,"menu_order":0,"comment_status":"closed","ping_status":"closed","template":"elementor_header_footer","meta":{"footnotes":""},"class_list":["post-250","page","type-page","status-publish","hentry"],"yoast_head":"<!-- This site is optimized with the Yoast SEO plugin v27.5 - https:\/\/yoast.com\/product\/yoast-seo-wordpress\/ -->\n<title>Region - Quinta do Pa\u00e7o<\/title>\n<meta name=\"description\" content=\"The region is the largest Portuguese Demarcated Region, and one of the largest in Europe. Originally demarcated on September 18th of 1908.\" \/>\n<meta name=\"robots\" content=\"index, follow, max-snippet:-1, max-image-preview:large, max-video-preview:-1\" \/>\n<link rel=\"canonical\" href=\"https:\/\/quintadopacowinery.pt\/pt\/about-quinta-do-paco-winery\/region\/\" \/>\n<meta property=\"og:locale\" content=\"pt_PT\" \/>\n<meta property=\"og:type\" content=\"article\" \/>\n<meta property=\"og:title\" content=\"Region - Quinta do Pa\u00e7o\" \/>\n<meta property=\"og:description\" content=\"The region is the largest Portuguese Demarcated Region, and one of the largest in Europe. Originally demarcated on September 18th of 1908.\" \/>\n<meta property=\"og:url\" content=\"https:\/\/quintadopacowinery.pt\/pt\/about-quinta-do-paco-winery\/region\/\" \/>\n<meta property=\"og:site_name\" content=\"Quinta do Pa\u00e7o\" \/>\n<meta property=\"article:modified_time\" content=\"2023-02-27T22:51:00+00:00\" \/>\n<meta property=\"og:image\" content=\"https:\/\/quintadopacowinery.pt\/wp-content\/uploads\/2023\/01\/Mapa-791x1024.png\" \/>\n<meta name=\"twitter:card\" content=\"summary_large_image\" \/>\n<meta name=\"twitter:label1\" content=\"Tempo estimado de leitura\" \/>\n\t<meta name=\"twitter:data1\" content=\"2 minutos\" \/>\n<script type=\"application\/ld+json\" class=\"yoast-schema-graph\">{\"@context\":\"https:\\\/\\\/schema.org\",\"@graph\":[{\"@type\":\"WebPage\",\"@id\":\"https:\\\/\\\/quintadopacowinery.pt\\\/about-quinta-do-paco-winery\\\/region\\\/\",\"url\":\"https:\\\/\\\/quintadopacowinery.pt\\\/about-quinta-do-paco-winery\\\/region\\\/\",\"name\":\"Region - Quinta do Pa\u00e7o\",\"isPartOf\":{\"@id\":\"https:\\\/\\\/quintadopacowinery.pt\\\/#website\"},\"primaryImageOfPage\":{\"@id\":\"https:\\\/\\\/quintadopacowinery.pt\\\/about-quinta-do-paco-winery\\\/region\\\/#primaryimage\"},\"image\":{\"@id\":\"https:\\\/\\\/quintadopacowinery.pt\\\/about-quinta-do-paco-winery\\\/region\\\/#primaryimage\"},\"thumbnailUrl\":\"https:\\\/\\\/quintadopacowinery.pt\\\/wp-content\\\/uploads\\\/2023\\\/01\\\/Mapa-791x1024.png\",\"datePublished\":\"2022-12-05T11:03:16+00:00\",\"dateModified\":\"2023-02-27T22:51:00+00:00\",\"description\":\"The region is the largest Portuguese Demarcated Region, and one of the largest in Europe. Originally demarcated on September 18th of 1908.\",\"breadcrumb\":{\"@id\":\"https:\\\/\\\/quintadopacowinery.pt\\\/about-quinta-do-paco-winery\\\/region\\\/#breadcrumb\"},\"inLanguage\":\"pt-PT\",\"potentialAction\":[{\"@type\":\"ReadAction\",\"target\":[\"https:\\\/\\\/quintadopacowinery.pt\\\/about-quinta-do-paco-winery\\\/region\\\/\"]}]},{\"@type\":\"ImageObject\",\"inLanguage\":\"pt-PT\",\"@id\":\"https:\\\/\\\/quintadopacowinery.pt\\\/about-quinta-do-paco-winery\\\/region\\\/#primaryimage\",\"url\":\"https:\\\/\\\/quintadopacowinery.pt\\\/wp-content\\\/uploads\\\/2023\\\/01\\\/Mapa-791x1024.png\",\"contentUrl\":\"https:\\\/\\\/quintadopacowinery.pt\\\/wp-content\\\/uploads\\\/2023\\\/01\\\/Mapa-791x1024.png\"},{\"@type\":\"BreadcrumbList\",\"@id\":\"https:\\\/\\\/quintadopacowinery.pt\\\/about-quinta-do-paco-winery\\\/region\\\/#breadcrumb\",\"itemListElement\":[{\"@type\":\"ListItem\",\"position\":1,\"name\":\"Home\",\"item\":\"https:\\\/\\\/quintadopacowinery.pt\\\/\"},{\"@type\":\"ListItem\",\"position\":2,\"name\":\"About\",\"item\":\"https:\\\/\\\/quintadopacowinery.pt\\\/about-quinta-do-paco-winery\\\/\"},{\"@type\":\"ListItem\",\"position\":3,\"name\":\"Region\"}]},{\"@type\":\"WebSite\",\"@id\":\"https:\\\/\\\/quintadopacowinery.pt\\\/#website\",\"url\":\"https:\\\/\\\/quintadopacowinery.pt\\\/\",\"name\":\"Quinta do Pa\u00e7o\",\"description\":\"Winery\",\"publisher\":{\"@id\":\"https:\\\/\\\/quintadopacowinery.pt\\\/#organization\"},\"potentialAction\":[{\"@type\":\"SearchAction\",\"target\":{\"@type\":\"EntryPoint\",\"urlTemplate\":\"https:\\\/\\\/quintadopacowinery.pt\\\/?s={search_term_string}\"},\"query-input\":{\"@type\":\"PropertyValueSpecification\",\"valueRequired\":true,\"valueName\":\"search_term_string\"}}],\"inLanguage\":\"pt-PT\"},{\"@type\":\"Organization\",\"@id\":\"https:\\\/\\\/quintadopacowinery.pt\\\/#organization\",\"name\":\"Quinta do Pa\u00e7o\",\"url\":\"https:\\\/\\\/quintadopacowinery.pt\\\/\",\"logo\":{\"@type\":\"ImageObject\",\"inLanguage\":\"pt-PT\",\"@id\":\"https:\\\/\\\/quintadopacowinery.pt\\\/#\\\/schema\\\/logo\\\/image\\\/\",\"url\":\"https:\\\/\\\/quintadopacowinery.pt\\\/wp-content\\\/uploads\\\/2022\\\/12\\\/logo_quinta_paco.svg\",\"contentUrl\":\"https:\\\/\\\/quintadopacowinery.pt\\\/wp-content\\\/uploads\\\/2022\\\/12\\\/logo_quinta_paco.svg\",\"width\":267,\"height\":45,\"caption\":\"Quinta do Pa\u00e7o \"},\"image\":{\"@id\":\"https:\\\/\\\/quintadopacowinery.pt\\\/#\\\/schema\\\/logo\\\/image\\\/\"}}]}<\/script>\n<!-- \/ Yoast SEO plugin. -->","yoast_head_json":{"title":"Region - Quinta do Pa\u00e7o","description":"The region is the largest Portuguese Demarcated Region, and one of the largest in Europe. Originally demarcated on September 18th of 1908.","robots":{"index":"index","follow":"follow","max-snippet":"max-snippet:-1","max-image-preview":"max-image-preview:large","max-video-preview":"max-video-preview:-1"},"canonical":"https:\/\/quintadopacowinery.pt\/pt\/about-quinta-do-paco-winery\/region\/","og_locale":"pt_PT","og_type":"article","og_title":"Region - Quinta do Pa\u00e7o","og_description":"The region is the largest Portuguese Demarcated Region, and one of the largest in Europe. Originally demarcated on September 18th of 1908.","og_url":"https:\/\/quintadopacowinery.pt\/pt\/about-quinta-do-paco-winery\/region\/","og_site_name":"Quinta do Pa\u00e7o","article_modified_time":"2023-02-27T22:51:00+00:00","og_image":[{"url":"https:\/\/quintadopacowinery.pt\/wp-content\/uploads\/2023\/01\/Mapa-791x1024.png","type":"","width":"","height":""}],"twitter_card":"summary_large_image","twitter_misc":{"Tempo estimado de leitura":"2 minutos"},"schema":{"@context":"https:\/\/schema.org","@graph":[{"@type":"WebPage","@id":"https:\/\/quintadopacowinery.pt\/about-quinta-do-paco-winery\/region\/","url":"https:\/\/quintadopacowinery.pt\/about-quinta-do-paco-winery\/region\/","name":"Region - Quinta do Pa\u00e7o","isPartOf":{"@id":"https:\/\/quintadopacowinery.pt\/#website"},"primaryImageOfPage":{"@id":"https:\/\/quintadopacowinery.pt\/about-quinta-do-paco-winery\/region\/#primaryimage"},"image":{"@id":"https:\/\/quintadopacowinery.pt\/about-quinta-do-paco-winery\/region\/#primaryimage"},"thumbnailUrl":"https:\/\/quintadopacowinery.pt\/wp-content\/uploads\/2023\/01\/Mapa-791x1024.png","datePublished":"2022-12-05T11:03:16+00:00","dateModified":"2023-02-27T22:51:00+00:00","description":"The region is the largest Portuguese Demarcated Region, and one of the largest in Europe. Originally demarcated on September 18th of 1908.","breadcrumb":{"@id":"https:\/\/quintadopacowinery.pt\/about-quinta-do-paco-winery\/region\/#breadcrumb"},"inLanguage":"pt-PT","potentialAction":[{"@type":"ReadAction","target":["https:\/\/quintadopacowinery.pt\/about-quinta-do-paco-winery\/region\/"]}]},{"@type":"ImageObject","inLanguage":"pt-PT","@id":"https:\/\/quintadopacowinery.pt\/about-quinta-do-paco-winery\/region\/#primaryimage","url":"https:\/\/quintadopacowinery.pt\/wp-content\/uploads\/2023\/01\/Mapa-791x1024.png","contentUrl":"https:\/\/quintadopacowinery.pt\/wp-content\/uploads\/2023\/01\/Mapa-791x1024.png"},{"@type":"BreadcrumbList","@id":"https:\/\/quintadopacowinery.pt\/about-quinta-do-paco-winery\/region\/#breadcrumb","itemListElement":[{"@type":"ListItem","position":1,"name":"Home","item":"https:\/\/quintadopacowinery.pt\/"},{"@type":"ListItem","position":2,"name":"About","item":"https:\/\/quintadopacowinery.pt\/about-quinta-do-paco-winery\/"},{"@type":"ListItem","position":3,"name":"Region"}]},{"@type":"WebSite","@id":"https:\/\/quintadopacowinery.pt\/#website","url":"https:\/\/quintadopacowinery.pt\/","name":"Quinta do Pa\u00e7o","description":"Winery","publisher":{"@id":"https:\/\/quintadopacowinery.pt\/#organization"},"potentialAction":[{"@type":"SearchAction","target":{"@type":"EntryPoint","urlTemplate":"https:\/\/quintadopacowinery.pt\/?s={search_term_string}"},"query-input":{"@type":"PropertyValueSpecification","valueRequired":true,"valueName":"search_term_string"}}],"inLanguage":"pt-PT"},{"@type":"Organization","@id":"https:\/\/quintadopacowinery.pt\/#organization","name":"Quinta do Pa\u00e7o","url":"https:\/\/quintadopacowinery.pt\/","logo":{"@type":"ImageObject","inLanguage":"pt-PT","@id":"https:\/\/quintadopacowinery.pt\/#\/schema\/logo\/image\/","url":"https:\/\/quintadopacowinery.pt\/wp-content\/uploads\/2022\/12\/logo_quinta_paco.svg","contentUrl":"https:\/\/quintadopacowinery.pt\/wp-content\/uploads\/2022\/12\/logo_quinta_paco.svg","width":267,"height":45,"caption":"Quinta do Pa\u00e7o "},"image":{"@id":"https:\/\/quintadopacowinery.pt\/#\/schema\/logo\/image\/"}}]}},"_links":{"self":[{"href":"https:\/\/quintadopacowinery.pt\/pt\/wp-json\/wp\/v2\/pages\/250","targetHints":{"allow":["GET"]}}],"collection":[{"href":"https:\/\/quintadopacowinery.pt\/pt\/wp-json\/wp\/v2\/pages"}],"about":[{"href":"https:\/\/quintadopacowinery.pt\/pt\/wp-json\/wp\/v2\/types\/page"}],"author":[{"embeddable":true,"href":"https:\/\/quintadopacowinery.pt\/pt\/wp-json\/wp\/v2\/users\/1"}],"replies":[{"embeddable":true,"href":"https:\/\/quintadopacowinery.pt\/pt\/wp-json\/wp\/v2\/comments?post=250"}],"version-history":[{"count":4,"href":"https:\/\/quintadopacowinery.pt\/pt\/wp-json\/wp\/v2\/pages\/250\/revisions"}],"predecessor-version":[{"id":1492,"href":"https:\/\/quintadopacowinery.pt\/pt\/wp-json\/wp\/v2\/pages\/250\/revisions\/1492"}],"up":[{"embeddable":true,"href":"https:\/\/quintadopacowinery.pt\/pt\/wp-json\/wp\/v2\/pages\/64"}],"wp:attachment":[{"href":"https:\/\/quintadopacowinery.pt\/pt\/wp-json\/wp\/v2\/media?parent=250"}],"curies":[{"name":"wp","href":"https:\/\/api.w.org\/{rel}","templated":true}]}}